{"id":1872,"date":"2011-11-02T15:35:35","date_gmt":"2011-11-02T16:35:35","guid":{"rendered":"http:\/\/casariego-guerra.com\/blog\/?page_id=1872"},"modified":"2015-06-15T11:51:35","modified_gmt":"2015-06-15T12:51:35","slug":"noticias-media-2","status":"publish","type":"page","link":"https:\/\/casariego-guerra.com\/?page_id=1872","title":{"rendered":"[Noticias-Media]"},"content":{"rendered":"<p style=\"text-align: justify;\"><a href=\"http:\/\/casariego-guerra.com\/?attachment_id=3542\" rel=\"attachment wp-att-3542\"><img loading=\"lazy\" class=\"alignleft  wp-image-3542\" title=\"02\" src=\"http:\/\/casariego-guerra.com\/wp-content\/uploads\/2011\/11\/021.jpg\" alt=\"\" width=\"398\" height=\"320\" \/><\/a><a href=\"http:\/\/www.plataformaarquitectura.cl\/cl\/02-136852\/centro-de-cultura-contemporanea-san-martin-casariego-guerra-arquitectos\" target=\"_blank\"><span style=\"color: #000000;\">[Extracto: Noticia publicada por la web &#8216;Plataforma Arquitectura&#8217; 07-02-2012] En relaci\u00f3n a la Rehabilitaci\u00f3n del antiguo Hospital San Mart\u00edn, Las Palmas de Gran Canaria]<\/span><\/a><\/p>\n<p><span style=\"color: #000000;\"><br \/>\n<\/span><\/p>\n<p>&nbsp;<\/p>\n<p>&nbsp;<\/p>\n<p>&nbsp;<\/p>\n<p>&nbsp;<\/p>\n<p>&nbsp;<\/p>\n<p>&nbsp;<\/p>\n<p>&nbsp;<\/p>\n<p>&nbsp;<\/p>\n<p>&nbsp;<\/p>\n<p><span style=\"color: #000000;\"><a href=\"http:\/\/casariego-guerra.com\/?attachment_id=2713\" rel=\"attachment wp-att-2713\"><img loading=\"lazy\" class=\"alignleft\" title=\"Page.EST Notice 2011-11-15_opiniondeMurcia\" src=\"http:\/\/casariego-guerra.com\/wp-content\/uploads\/2011\/11\/prensa-Murcia-web.jpg\" alt=\"\" width=\"400\" height=\"275\" \/><\/a><\/span><\/p>\n<p style=\"text-align: justify;\"><span style=\"color: #000000;\"><a href=\"http:\/\/www.laopiniondemurcia.es\/cartagena\/2011\/11\/15\/seis-elegidos-cambiar-imagen-paseo-alfonso-xii\/364283.html\" target=\"_blank\">[Extracto: Noticia publicada por el peri\u00f3dico &#8216;La Opini\u00f3n de Murcia&#8217; en relaci\u00f3n al Concurso de Modificaci\u00f3n de Usos e Integraci\u00f3n Urban\u00edstica del Muelle Alfonso XII, Puerto de Cartagena] <\/a><\/span><\/p>\n<p>&nbsp;<\/p>\n<p>&nbsp;<\/p>\n<p>&nbsp;<\/p>\n<p>&nbsp;<\/p>\n<p>&nbsp;<\/p>\n<p>&nbsp;<\/p>\n<p>&nbsp;<\/p>\n<p>&nbsp;<\/p>\n<p>&nbsp;<\/p>\n<p style=\"text-align: justify;\"><img loading=\"lazy\" class=\"size-full wp-image-2517 alignleft\" title=\"Pages.Est.Notice 2011-03-27_La Provincia\" src=\"http:\/\/casariego-guerra.com\/wp-content\/uploads\/2011\/11\/2011-03-27_La-Provincia.jpg\" alt=\"\" width=\"400\" height=\"437\" \/><span class=\"Apple-style-span\" style=\"color: #000000;\">[Extracto: Noticia publicada en el peri\u00f3dico La Provincia 27-03-2011]<\/span><span style=\"color: #000000;\"> Inauguraci\u00f3n de San Mart\u00edn Centro de Cultura Contempor\u00e1nea.<\/span><\/p>\n<p>&nbsp;<\/p>\n<p>&nbsp;<\/p>\n<p>&nbsp;<\/p>\n<p>&nbsp;<\/p>\n<p>&nbsp;<\/p>\n<p>&nbsp;<\/p>\n<p>&nbsp;<\/p>\n<p>&nbsp;<\/p>\n<p>&nbsp;<\/p>\n<p>&nbsp;<\/p>\n<p>&nbsp;<\/p>\n<p>&nbsp;<\/p>\n<p>&nbsp;<\/p>\n<p>&nbsp;<\/p>\n<h6><\/h6>\n<p><span style=\"color: #000000;\"><a href=\"http:\/\/casariego-guerra.com\/?attachment_id=2521\" rel=\"attachment wp-att-2521\"><span style=\"color: #000000;\"><img loading=\"lazy\" class=\"size-full wp-image-2521 alignleft\" title=\"Pages.EST.Notice 2010-11-24_canarias7\" src=\"http:\/\/casariego-guerra.com\/wp-content\/uploads\/2011\/11\/2010-11-24_canarias7.jpg\" alt=\"\" width=\"400\" height=\"287\" \/><\/span><\/a><\/span><\/p>\n<p style=\"text-align: justify;\"><span style=\"color: #000000;\">[Extracto: Noticia publicada en el peri\u00f3dico Canarias 7, 24-11-2010] Avances en la tramitaci\u00f3n urban\u00edstica en relaci\u00f3n al Parque Insular, para el que CASARIEGO.GUERRA gan\u00f3 el Concurso de Ideas]<\/span><\/p>\n<p>&nbsp;<\/p>\n<p>&nbsp;<\/p>\n<p>&nbsp;<\/p>\n<p>&nbsp;<\/p>\n<p>&nbsp;<\/p>\n<p>&nbsp;<\/p>\n<p>&nbsp;<\/p>\n<p>&nbsp;<\/p>\n<p>&nbsp;<\/p>\n<p><span style=\"color: #000000;\"><a href=\"http:\/\/casariego-guerra.com\/?attachment_id=2520\" rel=\"attachment wp-att-2520\"><span style=\"color: #000000;\"><img loading=\"lazy\" class=\"size-full wp-image-2520 alignleft\" title=\"Pages.EST.Notice 2010-05-15_la opinion\" src=\"http:\/\/casariego-guerra.com\/wp-content\/uploads\/2011\/11\/2010-05-15_la-opinion.jpg\" alt=\"\" width=\"400\" height=\"555\" \/><\/span><\/a><\/span><\/p>\n<p>&nbsp;<\/p>\n<p style=\"text-align: justify;\"><span style=\"color: #000000;\"><a href=\"http:\/\/www.laopinion.es\/tenerife\/2010\/05\/16\/costas-garantiza-10-millones-rehabilitar-litoral-valleseco\/285870.html\" target=\"_blank\">[Extracto: Noticia publicada en el peri\u00f3dico La Opini\u00f3n 15-05-2010] Avances en la tramitaci\u00f3n previa al inicio de las obras de la &#8216;Playa de Valleseco&#8217;, a partir del Proyecto de Ejecuci\u00f3n elaborado por CASARIEGO.GUERRA, como desarrollo de su propuesta &#8216;Sol y Sombra&#8217;, ganadora del Concurso de Ideas]<\/a><\/span><\/p>\n<p>&nbsp;<\/p>\n<p>&nbsp;<\/p>\n<p>&nbsp;<\/p>\n<p>&nbsp;<\/p>\n<p>&nbsp;<\/p>\n<p>&nbsp;<\/p>\n<p>&nbsp;<\/p>\n<p>&nbsp;<\/p>\n<p>&nbsp;<\/p>\n<p>&nbsp;<\/p>\n<p>&nbsp;<\/p>\n<p>&nbsp;<\/p>\n<p>&nbsp;<\/p>\n<p>&nbsp;<\/p>\n<p style=\"text-align: justify;\"><span style=\"color: #000000;\"><a href=\"http:\/\/www.laprovincia.es\/cultura\/2011\/08\/17\/casa-artistas\/394194.html\" target=\"_blank\">[Extracto: Noticia publicada en el peri\u00f3dico La Provincia 16-07-2009] Reportaje general acerca de la propuesta del Estudio CASARIEGO\u00b7GUERRA, para la Sede Territorial de la SGAE en Las Palmas de Gran Canaria, en fase de elaboraci\u00f3n de proyecto]<\/a><a href=\"http:\/\/casa-artistas\" target=\"_blank\"><\/a><\/span><\/p>\n<p>&nbsp;<\/p>\n<p><a href=\"http:\/\/casariego-guerra.com\/?attachment_id=2899\" rel=\"attachment wp-att-2899\"><img loading=\"lazy\" title=\"2009-07-16_La Provincia\" src=\"http:\/\/casariego-guerra.com\/wp-content\/uploads\/2011\/11\/2009-07-16_La-Provincia1.jpg\" alt=\"\" width=\"800\" height=\"387\" \/><\/a><\/p>\n<p>&nbsp;<\/p>\n<p>&nbsp;<\/p>\n<p>&nbsp;<\/p>\n<p>&nbsp;<\/p>\n<p><span style=\"color: #000000;\"><a href=\"http:\/\/casariego-guerra.com\/?attachment_id=2519\" rel=\"attachment wp-att-2519\"><span style=\"color: #000000;\"><img loading=\"lazy\" class=\"size-full wp-image-2519 alignleft\" title=\"Pages.EST.Notice 2009-05-28_canarias7\" src=\"http:\/\/casariego-guerra.com\/wp-content\/uploads\/2011\/11\/2009-05-28_canarias7.jpg\" alt=\"\" width=\"400\" height=\"574\" \/><\/span><\/a><\/span><\/p>\n<p style=\"text-align: justify;\"><span style=\"color: #000000;\">[Extracto: Noticia publicada en el peri\u00f3dico Canarias 7, 28-05-2009] Exposici\u00f3n en la calle de las Propuestas Finalistas en el Concurso de Ideas sobre el Frente Mar\u00edtimo de Las Palmas de Gran Canaria, entre las que se encuentra &#8216;Metrolap&#8217; de CASARIEGO.GUERRA.<\/span><\/p>\n<p>&nbsp;<\/p>\n<p>&nbsp;<\/p>\n<p>&nbsp;<\/p>\n<p>&nbsp;<\/p>\n<p>&nbsp;<\/p>\n<p>&nbsp;<\/p>\n<p>&nbsp;<\/p>\n<p>&nbsp;<\/p>\n<p>&nbsp;<\/p>\n<p>&nbsp;<\/p>\n<p>&nbsp;<\/p>\n<p>&nbsp;<\/p>\n<p>&nbsp;<\/p>\n<p>&nbsp;<\/p>\n<p>&nbsp;<\/p>\n<p>&nbsp;<\/p>\n<p>&nbsp;<\/p>\n<p><span style=\"color: #000000;\"><a href=\"http:\/\/casariego-guerra.com\/?attachment_id=2518\" rel=\"attachment wp-att-2518\"><span style=\"color: #000000;\"><img loading=\"lazy\" class=\"size-full wp-image-2518 alignleft\" title=\"Pages.EST.Notice 2006-05-05_diario de avisos\" src=\"http:\/\/casariego-guerra.com\/wp-content\/uploads\/2011\/11\/2006-05-05_diario-de-avisos.jpg\" alt=\"\" width=\"400\" height=\"430\" \/><\/span><\/a><\/span><\/p>\n<p style=\"text-align: justify;\"><span style=\"color: #000000;\">[Extracto: Noticia publicada en el peri\u00f3dico Diario de Avisos, 05-05-2006]\u00a0 <\/span><span style=\"color: #000000;\">Acerca de la Propuesta &#8216;Sol y Sombra&#8217; de CASARIEGO.GUERRA, ganadora del Concurso de Ideas para el Frente Mar\u00edtimo de Valleseco en Santa Cruz de Tenerife.<\/span><\/p>\n<h6><span style=\"color: #000000;\">\u00a0<\/span><\/h6>\n","protected":false},"excerpt":{"rendered":"<p>[Extracto: Noticia publicada por la web &#8216;Plataforma Arquitectura&#8217; 07-02-2012] En relaci\u00f3n a la Rehabilitaci\u00f3n del antiguo Hospital San Mart\u00edn, Las Palmas de Gran Canaria] &nbsp; &nbsp; &nbsp; &nbsp; &nbsp; &nbsp; &nbsp; &nbsp; &nbsp; [Extracto: Noticia publicada por el peri\u00f3dico &#8216;La Opini\u00f3n de Murcia&#8217; en relaci\u00f3n al Concurso de Modificaci\u00f3n de Usos e Integraci\u00f3n Urban\u00edstica del [&hellip;]<\/p>\n","protected":false},"author":2,"featured_media":0,"parent":0,"menu_order":0,"comment_status":"closed","ping_status":"open","template":"","meta":[],"_links":{"self":[{"href":"https:\/\/casariego-guerra.com\/index.php?rest_route=\/wp\/v2\/pages\/1872"}],"collection":[{"href":"https:\/\/casariego-guerra.com\/index.php?rest_route=\/wp\/v2\/pages"}],"about":[{"href":"https:\/\/casariego-guerra.com\/index.php?rest_route=\/wp\/v2\/types\/page"}],"author":[{"embeddable":true,"href":"https:\/\/casariego-guerra.com\/index.php?rest_route=\/wp\/v2\/users\/2"}],"replies":[{"embeddable":true,"href":"https:\/\/casariego-guerra.com\/index.php?rest_route=%2Fwp%2Fv2%2Fcomments&post=1872"}],"version-history":[{"count":99,"href":"https:\/\/casariego-guerra.com\/index.php?rest_route=\/wp\/v2\/pages\/1872\/revisions"}],"predecessor-version":[{"id":5060,"href":"https:\/\/casariego-guerra.com\/index.php?rest_route=\/wp\/v2\/pages\/1872\/revisions\/5060"}],"wp:attachment":[{"href":"https:\/\/casariego-guerra.com\/index.php?rest_route=%2Fwp%2Fv2%2Fmedia&parent=1872"}],"curies":[{"name":"wp","href":"https:\/\/api.w.org\/{rel}","templated":true}]}}