{"id":800,"date":"2011-10-20T14:55:16","date_gmt":"2011-10-20T15:55:16","guid":{"rendered":"http:\/\/casariego-guerra.com\/blog\/?page_id=800"},"modified":"2012-11-14T09:05:03","modified_gmt":"2012-11-14T10:05:03","slug":"sede-de-la-sgae2009","status":"publish","type":"page","link":"https:\/\/casariego-guerra.com\/?page_id=800","title":{"rendered":"[Sede Territorial SGAE] [2012]"},"content":{"rendered":"<p><span style=\"color: #808080;\"><img loading=\"lazy\" class=\"alignnone size-full wp-image-2000\" title=\"Imagen1\" src=\"http:\/\/casariego-guerra.com\/wp-content\/uploads\/2011\/10\/Imagen11.jpg\" alt=\"\" width=\"950\" height=\"534\" srcset=\"https:\/\/casariego-guerra.com\/wp-content\/uploads\/2011\/10\/Imagen11.jpg 950w, https:\/\/casariego-guerra.com\/wp-content\/uploads\/2011\/10\/Imagen11-560x314.jpg 560w\" sizes=\"(max-width: 950px) 100vw, 950px\" \/><\/span><\/p>\n<p><span style=\"color: #808080;\">[perspectiva infogr\u00e1fica]<\/span><\/p>\n<h3><span style=\"color: #000000;\">[REHABILITACI\u00d3N DE LA &#8216;CASA FUENTES&#8217; COMO SEDE TERRITORIAL SGAE]\u00a0 [2008]<\/span><\/h3>\n<h6><span style=\"color: #000000;\">Proyecto: 2.008-2.009 .\u00a0Fase 1 \/ 2.011 .\u00a0Fase 2 \/ Obra: 2.010\u20132.012<\/span><\/h6>\n<h6><span style=\"color: #000000;\">Situaci\u00f3n: Calle Dr. Garc\u00eda Castrillo, Ciudad Jard\u00edn, Las Palmas de Gran Canaria<\/span><\/h6>\n<h6><\/h6>\n<h6>\u00a0<span style=\"color: #808080;\"><a href=\"http:\/\/casariego-guerra.com\/?attachment_id=2001\" rel=\"attachment wp-att-2001\"><img loading=\"lazy\" class=\"alignnone size-full wp-image-2001\" title=\"Imagen2\" src=\"http:\/\/casariego-guerra.com\/wp-content\/uploads\/2011\/10\/Imagen21.jpg\" alt=\"\" width=\"950\" height=\"491\" srcset=\"https:\/\/casariego-guerra.com\/wp-content\/uploads\/2011\/10\/Imagen21.jpg 950w, https:\/\/casariego-guerra.com\/wp-content\/uploads\/2011\/10\/Imagen21-560x289.jpg 560w\" sizes=\"(max-width: 950px) 100vw, 950px\" \/><\/a><\/span><\/h6>\n<p><span style=\"color: #808080;\">[perspectiva infogr\u00e1fica. fase 2]<\/span><\/p>\n<p><span style=\"color: #000000;\">La actuaci\u00f3n tiene como objeto la Sede Territorial de la SGAE en Las Palmas de Gran Canaria, a partir de la rehabilitaci\u00f3n de la \u2018Casa Fuentes\u2019 obra del arquitecto Miguel Mart\u00edn Fern\u00e1ndez de la Torre durante los a\u00f1os 20 del pasado siglo.<\/span><span style=\"color: #808080;\">.<\/span><\/p>\n<p><span style=\"color: #000000;\"><a href=\"http:\/\/casariego-guerra.com\/?attachment_id=2030\" rel=\"attachment wp-att-2030\"><img loading=\"lazy\" class=\"alignnone size-full wp-image-2030\" title=\"a\" src=\"http:\/\/casariego-guerra.com\/wp-content\/uploads\/2011\/10\/a1.jpg\" alt=\"\" width=\"945\" height=\"550\" srcset=\"https:\/\/casariego-guerra.com\/wp-content\/uploads\/2011\/10\/a1.jpg 945w, https:\/\/casariego-guerra.com\/wp-content\/uploads\/2011\/10\/a1-560x325.jpg 560w\" sizes=\"(max-width: 945px) 100vw, 945px\" \/><\/a><\/span><\/p>\n<p><span style=\"color: #000000;\"><a href=\"http:\/\/casariego-guerra.com\/?attachment_id=2031\" rel=\"attachment wp-att-2031\"><img loading=\"lazy\" class=\"alignnone size-full wp-image-2031\" title=\"b\" src=\"http:\/\/casariego-guerra.com\/wp-content\/uploads\/2011\/10\/b.jpg\" alt=\"\" width=\"945\" height=\"550\" srcset=\"https:\/\/casariego-guerra.com\/wp-content\/uploads\/2011\/10\/b.jpg 945w, https:\/\/casariego-guerra.com\/wp-content\/uploads\/2011\/10\/b-560x325.jpg 560w\" sizes=\"(max-width: 945px) 100vw, 945px\" \/><\/a><\/span><\/p>\n<p><span style=\"color: #808080;\">[plantas]<\/span><\/p>\n<p><span style=\"color: #000000;\"><a href=\"http:\/\/casariego-guerra.com\/?attachment_id=2028\" rel=\"attachment wp-att-2028\"><img loading=\"lazy\" class=\"alignnone size-full wp-image-2028\" title=\"c\" src=\"http:\/\/casariego-guerra.com\/wp-content\/uploads\/2011\/10\/c.jpg\" alt=\"\" width=\"945\" height=\"472\" srcset=\"https:\/\/casariego-guerra.com\/wp-content\/uploads\/2011\/10\/c.jpg 945w, https:\/\/casariego-guerra.com\/wp-content\/uploads\/2011\/10\/c-560x279.jpg 560w\" sizes=\"(max-width: 945px) 100vw, 945px\" \/><\/a><\/span><\/p>\n<p><span style=\"color: #000000;\"><a href=\"http:\/\/casariego-guerra.com\/?attachment_id=2029\" rel=\"attachment wp-att-2029\"><img loading=\"lazy\" class=\"alignnone size-full wp-image-2029\" title=\"d\" src=\"http:\/\/casariego-guerra.com\/wp-content\/uploads\/2011\/10\/d.jpg\" alt=\"\" width=\"945\" height=\"532\" srcset=\"https:\/\/casariego-guerra.com\/wp-content\/uploads\/2011\/10\/d.jpg 945w, https:\/\/casariego-guerra.com\/wp-content\/uploads\/2011\/10\/d-560x315.jpg 560w\" sizes=\"(max-width: 945px) 100vw, 945px\" \/><\/a><\/span><\/p>\n<p><span style=\"color: #808080;\">[secciones transversal y longitudinal. zonas de transformaci\u00f3n]<\/span><\/p>\n<p><span style=\"color: #000000;\">La actuaci\u00f3n propuesta combina la atenci\u00f3n a la protecci\u00f3n patrimonial del inmueble con el nuevo programa de actividades previstas. Se ha organizado en dos fases:<\/span><\/p>\n<p><span style=\"color: #000000;\">La Fase 1 de la actuaci\u00f3n es la Rehabilitaci\u00f3n de la \u2018Casa Fuentes\u2019, para albergar las funciones sociales, administrativas y formativas de la Sede de la SGAE, donde el criterio general es el de protecci\u00f3n del inmueble y puesta en valor de sus valores patrimoniales.<\/span><\/p>\n<p><span style=\"color: #000000;\">La Fase 2: Se refiere a la \u2018Sala Multiusos\u2019 que completa el programa de la Sede, donde adem\u00e1s de conferencias y debates se podr\u00edan desarrollar manifestaciones art\u00edsticas de peque\u00f1o formato. La \u2018Sala\u2019 se desarrolla soterrada al fondo de la parcela, aprovechando el escal\u00f3n aterrazado existente en la actualidad que salva la diferencia de niveles entre el jard\u00edn de la casa y el Paseo de Chil. El acabado ser\u00eda el de un \u00e1rea ajardinada, que al mismo tiempo permita la accesibilidad peatonal entre ambos niveles.<\/span><\/p>\n<p><span style=\"color: #000000;\"><a href=\"http:\/\/casariego-guerra.com\/?attachment_id=2036\" rel=\"attachment wp-att-2036\"><img loading=\"lazy\" class=\"alignnone size-full wp-image-2036\" title=\"f\" src=\"http:\/\/casariego-guerra.com\/wp-content\/uploads\/2011\/10\/f.jpg\" alt=\"\" width=\"945\" height=\"600\" srcset=\"https:\/\/casariego-guerra.com\/wp-content\/uploads\/2011\/10\/f.jpg 945w, https:\/\/casariego-guerra.com\/wp-content\/uploads\/2011\/10\/f-560x355.jpg 560w\" sizes=\"(max-width: 945px) 100vw, 945px\" \/><\/a><\/span><\/p>\n<p><span style=\"color: #808080;\">[vista desde el recibidor 1. Foto de J.Oller]\u00a0<\/span><\/p>\n<p><span style=\"color: #808080;\"><a href=\"http:\/\/casariego-guerra.com\/?attachment_id=2037\" rel=\"attachment wp-att-2037\"><img loading=\"lazy\" class=\"alignnone size-full wp-image-2037\" title=\"e\" src=\"http:\/\/casariego-guerra.com\/wp-content\/uploads\/2011\/10\/e.jpg\" alt=\"\" width=\"945\" height=\"600\" srcset=\"https:\/\/casariego-guerra.com\/wp-content\/uploads\/2011\/10\/e.jpg 945w, https:\/\/casariego-guerra.com\/wp-content\/uploads\/2011\/10\/e-560x355.jpg 560w\" sizes=\"(max-width: 945px) 100vw, 945px\" \/><\/a><\/span><\/p>\n<p><span style=\"color: #808080;\">[vista desde el exterior. c\/ Garc\u00eda Castrillo. Foto de J.Oller]<\/span><\/p>\n<h6><span style=\"color: #000000;\">Equipo: CASARIEGO\u00b7GUERRA, arquitectos<\/span><\/h6>\n<h6><span style=\"color: #000000;\">Direcci\u00f3n: Joaqu\u00edn Casariego Ram\u00edrez, Arquitecto. Elsa Guerra Jim\u00e9nez, Arquitecta<\/span><\/h6>\n<h6><span style=\"color: #000000;\">Coordinaci\u00f3n: Noem\u00ed Tejera Mujica, Arquitecta. Rub\u00e9n P\u00e9rez Bautista, Arquitecto<\/span><\/h6>\n<h6><span style=\"color: #000000;\">Colaboradores: Alejandro Mor\u00e1n Hurtado, Arquitecto. Marta Cuy\u00e1s Morales, Silvia Guajardo de la Rosa, Javier Hern\u00e1ndez S\u00e1nchez y Nuga Tornos Bola\u00f1os, Arquitectos. Carmelo Garc\u00eda Rodr\u00edguez y Juan Manuel Rivero Su\u00e1rez, dibujo asistido. Luis L\u00f3pez Su\u00e1rez, estudiante de arquitectura. Den\u00e9bola Acosta Y\u00e1\u00f1ez, administraci\u00f3n.<\/span><\/h6>\n<h6><span style=\"color: #000000;\">Estructuras: ARQUIESTRUCTURAS. Juan Rafael P\u00e9rez Cabrera, Arquitecto.<\/span><\/h6>\n<h6><span style=\"color: #000000;\">Instalaciones: AGUIAR INGENIEROS. Jos\u00e9 Fernando Aguiar Perera, Emilio Pellejero Silva, Domingo Valido de la Nuez, Marco Antonio Quijada Caletr\u00edo y Jos\u00e9 Carlos D\u00edaz Medina.<\/span><\/h6>\n<h6><span style=\"color: #000000;\">Mediciones \u2013 Presup.: MECO Arquitectos T\u00e9cnicos \u2013 Fase 1. Tom\u00e1s Hern\u00e1ndez Sala \u2013 Fase 2<\/span><\/h6>\n<h6><span style=\"color: #000000;\">D\u00ba Ejecuci\u00f3n \u2013 SS: Juan Pedro Campos Trujillo.<\/span><\/h6>\n<h6><span style=\"color: #000000;\">Promotor: SGAE (Sociedad General de Autores y Editores)<\/span><\/h6>\n<h6><span style=\"color: #000000;\">Constructor: CORNIC, Construcciones y Contratas.<\/span><\/h6>\n<h6><span style=\"color: #000000;\">Jefe de Obra: Erika Cruz, Arquitecta.<\/span><\/h6>\n<h6><span style=\"color: #000000;\">Superficie total: Fase 1: 997,19 m2 (+ 1.137,28 m2 jard\u00edn) \/ Fase 2: 1.220,69 m2.<\/span><\/h6>\n<h6><\/h6>\n","protected":false},"excerpt":{"rendered":"<p>[perspectiva infogr\u00e1fica] [REHABILITACI\u00d3N DE LA &#8216;CASA FUENTES&#8217; COMO SEDE TERRITORIAL SGAE]\u00a0 [2008] Proyecto: 2.008-2.009 .\u00a0Fase 1 \/ 2.011 .\u00a0Fase 2 \/ Obra: 2.010\u20132.012 Situaci\u00f3n: Calle Dr. Garc\u00eda Castrillo, Ciudad Jard\u00edn, Las Palmas de Gran Canaria \u00a0 [perspectiva infogr\u00e1fica. fase 2] La actuaci\u00f3n tiene como objeto la Sede Territorial de la SGAE en Las Palmas de [&hellip;]<\/p>\n","protected":false},"author":2,"featured_media":0,"parent":5,"menu_order":0,"comment_status":"closed","ping_status":"closed","template":"","meta":[],"_links":{"self":[{"href":"https:\/\/casariego-guerra.com\/index.php?rest_route=\/wp\/v2\/pages\/800"}],"collection":[{"href":"https:\/\/casariego-guerra.com\/index.php?rest_route=\/wp\/v2\/pages"}],"about":[{"href":"https:\/\/casariego-guerra.com\/index.php?rest_route=\/wp\/v2\/types\/page"}],"author":[{"embeddable":true,"href":"https:\/\/casariego-guerra.com\/index.php?rest_route=\/wp\/v2\/users\/2"}],"replies":[{"embeddable":true,"href":"https:\/\/casariego-guerra.com\/index.php?rest_route=%2Fwp%2Fv2%2Fcomments&post=800"}],"version-history":[{"count":84,"href":"https:\/\/casariego-guerra.com\/index.php?rest_route=\/wp\/v2\/pages\/800\/revisions"}],"predecessor-version":[{"id":1059,"href":"https:\/\/casariego-guerra.com\/index.php?rest_route=\/wp\/v2\/pages\/800\/revisions\/1059"}],"up":[{"embeddable":true,"href":"https:\/\/casariego-guerra.com\/index.php?rest_route=\/wp\/v2\/pages\/5"}],"wp:attachment":[{"href":"https:\/\/casariego-guerra.com\/index.php?rest_route=%2Fwp%2Fv2%2Fmedia&parent=800"}],"curies":[{"name":"wp","href":"https:\/\/api.w.org\/{rel}","templated":true}]}}