{"id":802,"date":"2011-10-20T14:55:49","date_gmt":"2011-10-20T15:55:49","guid":{"rendered":"http:\/\/casariego-guerra.com\/blog\/?page_id=802"},"modified":"2012-11-14T09:07:18","modified_gmt":"2012-11-14T10:07:18","slug":"centro-cultural-san-martin2009","status":"publish","type":"page","link":"https:\/\/casariego-guerra.com\/?page_id=802","title":{"rendered":"[San Mart\u00edn Centro de Cultura Contempor\u00e1nea] [2008]"},"content":{"rendered":"<p><a href=\"http:\/\/casariego-guerra.com\/?attachment_id=1979\" rel=\"attachment wp-att-1979\"><img loading=\"lazy\" class=\"alignnone size-full wp-image-1979\" title=\"Imagen1\" src=\"http:\/\/casariego-guerra.com\/wp-content\/uploads\/2011\/10\/Imagen1.jpg\" alt=\"\" width=\"950\" height=\"600\" srcset=\"https:\/\/casariego-guerra.com\/wp-content\/uploads\/2011\/10\/Imagen1.jpg 950w, https:\/\/casariego-guerra.com\/wp-content\/uploads\/2011\/10\/Imagen1-560x353.jpg 560w\" sizes=\"(max-width: 950px) 100vw, 950px\" \/><\/a><span style=\"color: #808080;\">[perspectiva del acceso al Centro. Fotomontaje]<\/span><\/p>\n<h3><span style=\"color: #000000;\">[REHABILITACI\u00d3N DEL ANTIGUO HOSPITAL DE SAN MART\u00cdN COMO CENTRO CULTURAL]\u00a0 [2008]<\/span><\/h3>\n<h6><span style=\"color: #000000;\">Proyecto: 2.008 \u2013 2.009 Obra: 2.009 \u2013 2.011<\/span><\/h6>\n<h6><span style=\"color: #000000;\">Situaci\u00f3n: C\/ Ram\u00f3n y Cajal, 1. Vegueta . Las Palmas de Gran Canaria<\/span><\/h6>\n<h6><span style=\"color: #0000ff;\">http:\/\/www.plataformaarquitectura.cl\/2012\/02\/07\/centro-de-cultura-contemporanea-san-martin-casariego-guerra-arquitectos\/<\/span><\/h6>\n<h6><\/h6>\n<h6><span style=\"color: #000000;\"><a href=\"http:\/\/casariego-guerra.com\/?attachment_id=1980\" rel=\"attachment wp-att-1980\"><img loading=\"lazy\" class=\"alignnone size-full wp-image-1980\" title=\"Imagen6\" src=\"http:\/\/casariego-guerra.com\/wp-content\/uploads\/2011\/10\/Imagen6.jpg\" alt=\"\" width=\"950\" height=\"533\" srcset=\"https:\/\/casariego-guerra.com\/wp-content\/uploads\/2011\/10\/Imagen6.jpg 950w, https:\/\/casariego-guerra.com\/wp-content\/uploads\/2011\/10\/Imagen6-560x314.jpg 560w\" sizes=\"(max-width: 950px) 100vw, 950px\" \/><\/a><\/span><\/h6>\n<p>[an\u00e1lisis del lugar. contexto]<\/p>\n<p><span style=\"color: #000000;\">El antiguo Hospital de San Mart\u00edn es un inmueble relevante de la ciudad de Las Palmas de Gran Canaria, que cuando se inici\u00f3 su transformaci\u00f3n en 2008, se encontraba en desuso. La totalidad del conjunto la componen una serie de edificios, de los cuales el primero fue el Hospital propiamente dicho, inaugurado en 1.786, y al que le siguieron al menos otras cuatro edificaciones sucesivas a lo largo del siglo XIX. A sus evidentes valores arquitect\u00f3nicos e hist\u00f3ricos, debe a\u00f1adirse su singularidad como referente urbano, dada su posici\u00f3n de enlace entre el barrio hist\u00f3rico de Vegueta y el Risco de San Juan, adem\u00e1s de la impronta de su lienzo de fachada paralelo al cauce del Barranco del Guiniguada.<\/span><\/p>\n<p>&nbsp;<\/p>\n<p><span style=\"color: #000000;\"><a href=\"http:\/\/casariego-guerra.com\/?attachment_id=1981\" rel=\"attachment wp-att-1981\"><img loading=\"lazy\" class=\"alignnone size-full wp-image-1981\" title=\"Imagen3\" src=\"http:\/\/casariego-guerra.com\/wp-content\/uploads\/2011\/10\/Imagen3.jpg\" alt=\"\" width=\"950\" height=\"210\" srcset=\"https:\/\/casariego-guerra.com\/wp-content\/uploads\/2011\/10\/Imagen3.jpg 950w, https:\/\/casariego-guerra.com\/wp-content\/uploads\/2011\/10\/Imagen3-560x123.jpg 560w\" sizes=\"(max-width: 950px) 100vw, 950px\" \/><\/a><\/span><\/p>\n<p><span style=\"color: #808080;\">[desplegable infogr\u00e1fico]<\/span><\/p>\n<p><span style=\"color: #000000;\"><span style=\"color: #000000;\"><a href=\"http:\/\/casariego-guerra.com\/?attachment_id=1985\" rel=\"attachment wp-att-1985\"><img loading=\"lazy\" class=\"alignnone size-full wp-image-1985\" title=\"Panel 2\" src=\"http:\/\/casariego-guerra.com\/wp-content\/uploads\/2011\/10\/Panel-2.jpg\" alt=\"\" width=\"950\" height=\"217\" srcset=\"https:\/\/casariego-guerra.com\/wp-content\/uploads\/2011\/10\/Panel-2.jpg 950w, https:\/\/casariego-guerra.com\/wp-content\/uploads\/2011\/10\/Panel-2-560x127.jpg 560w\" sizes=\"(max-width: 950px) 100vw, 950px\" \/><\/a><\/span><\/span><\/p>\n<p><span style=\"color: #808080;\">[programa]<\/span><\/p>\n<p><span style=\"color: #000000;\">La fase 1 de rehabilitaci\u00f3n se corresponde con la pieza inicial del Hospital, y que en la actualidad constituye el San Mart\u00edn Centro de Cultura Contempor\u00e1nea. <\/span><span style=\"color: #000000;\">Se trat\u00f3 de una operaci\u00f3n de \u00abpuesta en valor\u00bb del edificio original, en t\u00e9rminos de funcionalidad y monumentalidad, a trav\u00e9s de: a) la adaptaci\u00f3n del \u00abtipo edificatorio\u00bb a una nueva funci\u00f3n (cultural), distinta a la original (sanitaria); b) la recuperaci\u00f3n de la \u00abpiel\u00bb, las piezas y los materiales originales, a trav\u00e9s de la eliminaci\u00f3n de los \u00aba\u00f1adidos\u00bb y la superaci\u00f3n del desgaste derivado del paso del tiempo; y c) la introducci\u00f3n de nuevos elementos y piezas de relaci\u00f3n adecuados al lenguaje vigente, que permitan la adaptaci\u00f3n del espacio existente a las funciones requeridas y refuercen su atractivo arquitect\u00f3nico.<\/span><\/p>\n<p><span style=\"color: #000000;\"><a href=\"http:\/\/casariego-guerra.com\/?attachment_id=1982\" rel=\"attachment wp-att-1982\"><img loading=\"lazy\" class=\"alignnone size-full wp-image-1982\" title=\"Imagen2\" src=\"http:\/\/casariego-guerra.com\/wp-content\/uploads\/2011\/10\/Imagen2.jpg\" alt=\"\" width=\"950\" height=\"502\" srcset=\"https:\/\/casariego-guerra.com\/wp-content\/uploads\/2011\/10\/Imagen2.jpg 950w, https:\/\/casariego-guerra.com\/wp-content\/uploads\/2011\/10\/Imagen2-560x295.jpg 560w\" sizes=\"(max-width: 950px) 100vw, 950px\" \/><\/a><\/span><\/p>\n<p><span style=\"color: #808080;\">[perspectiva infogr\u00e1fica. patio 1]<\/span><\/p>\n<p><span style=\"color: #808080;\"><a href=\"http:\/\/casariego-guerra.com\/?attachment_id=1983\" rel=\"attachment wp-att-1983\"><img loading=\"lazy\" class=\"alignnone size-full wp-image-1983\" title=\"Imagen4\" src=\"http:\/\/casariego-guerra.com\/wp-content\/uploads\/2011\/10\/Imagen4-e1320329503996.jpg\" alt=\"\" width=\"945\" height=\"446\" srcset=\"https:\/\/casariego-guerra.com\/wp-content\/uploads\/2011\/10\/Imagen4-e1320329503996.jpg 945w, https:\/\/casariego-guerra.com\/wp-content\/uploads\/2011\/10\/Imagen4-e1320329503996-560x264.jpg 560w\" sizes=\"(max-width: 945px) 100vw, 945px\" \/><\/a><\/span><span style=\"color: #808080;\">[secci\u00f3n-perspectiva detalle patio 1]<\/span><\/p>\n<p><a href=\"http:\/\/casariego-guerra.com\/?attachment_id=1984\" rel=\"attachment wp-att-1984\"><img loading=\"lazy\" class=\"alignnone size-full wp-image-1984\" title=\"Imagen5\" src=\"http:\/\/casariego-guerra.com\/wp-content\/uploads\/2011\/10\/Imagen5.jpg\" alt=\"\" width=\"950\" height=\"524\" srcset=\"https:\/\/casariego-guerra.com\/wp-content\/uploads\/2011\/10\/Imagen5.jpg 950w, https:\/\/casariego-guerra.com\/wp-content\/uploads\/2011\/10\/Imagen5-560x308.jpg 560w\" sizes=\"(max-width: 950px) 100vw, 950px\" \/><\/a><\/p>\n<p><span style=\"color: #808080;\">[secci\u00f3n-perspectiva detalle patio 2]<\/span><\/p>\n<p><a href=\"http:\/\/casariego-guerra.com\/?attachment_id=4114\" rel=\"attachment wp-att-4114\"><img loading=\"lazy\" class=\"alignleft size-full wp-image-4114\" title=\"01.Fachada San Mart\u00edn\" src=\"http:\/\/casariego-guerra.com\/wp-content\/uploads\/2011\/10\/01.Fachada-San-Mart\u00edn.jpg\" alt=\"\" width=\"950\" height=\"633\" srcset=\"https:\/\/casariego-guerra.com\/wp-content\/uploads\/2011\/10\/01.Fachada-San-Mart\u00edn.jpg 950w, https:\/\/casariego-guerra.com\/wp-content\/uploads\/2011\/10\/01.Fachada-San-Mart\u00edn-560x373.jpg 560w\" sizes=\"(max-width: 950px) 100vw, 950px\" \/><\/a><\/p>\n<p><span style=\"color: #808080;\">[vista de la fachada. Foto de J.Oller]<\/span><\/p>\n<p><a href=\"http:\/\/casariego-guerra.com\/?attachment_id=4117\" rel=\"attachment wp-att-4117\"><img loading=\"lazy\" class=\"alignleft size-full wp-image-4117\" title=\"02.Patio San Mart\u00edn\" src=\"http:\/\/casariego-guerra.com\/wp-content\/uploads\/2011\/10\/02.Patio-San-Mart\u00edn.jpg\" alt=\"\" width=\"950\" height=\"741\" srcset=\"https:\/\/casariego-guerra.com\/wp-content\/uploads\/2011\/10\/02.Patio-San-Mart\u00edn.jpg 950w, https:\/\/casariego-guerra.com\/wp-content\/uploads\/2011\/10\/02.Patio-San-Mart\u00edn-560x436.jpg 560w\" sizes=\"(max-width: 950px) 100vw, 950px\" \/><\/a><\/p>\n<p><span style=\"color: #808080;\">\u00a0[vista del patio. Foto de J.Oller]<\/span><\/p>\n<p><a href=\"http:\/\/casariego-guerra.com\/?attachment_id=4119\" rel=\"attachment wp-att-4119\"><img loading=\"lazy\" class=\"alignleft size-full wp-image-4119\" title=\"03.Sala planta primera San Mart\u00edn\" src=\"http:\/\/casariego-guerra.com\/wp-content\/uploads\/2011\/10\/03.Sala-planta-primera-San-Mart\u00edn.jpg\" alt=\"\" width=\"950\" height=\"636\" srcset=\"https:\/\/casariego-guerra.com\/wp-content\/uploads\/2011\/10\/03.Sala-planta-primera-San-Mart\u00edn.jpg 950w, https:\/\/casariego-guerra.com\/wp-content\/uploads\/2011\/10\/03.Sala-planta-primera-San-Mart\u00edn-560x374.jpg 560w\" sizes=\"(max-width: 950px) 100vw, 950px\" \/><\/a><\/p>\n<p><span style=\"color: #808080;\">[vista de sala planta primera. Foto de J.Oller]<\/span><\/p>\n<p><a href=\"http:\/\/casariego-guerra.com\/?attachment_id=4122\" rel=\"attachment wp-att-4122\"><img loading=\"lazy\" class=\"alignleft size-full wp-image-4122\" title=\"04.Patio 2 acceso escalera San Mart\u00edn\" src=\"http:\/\/casariego-guerra.com\/wp-content\/uploads\/2011\/10\/04.Patio-2-acceso-escalera-San-Mart\u00edn.jpg\" alt=\"\" width=\"950\" height=\"738\" srcset=\"https:\/\/casariego-guerra.com\/wp-content\/uploads\/2011\/10\/04.Patio-2-acceso-escalera-San-Mart\u00edn.jpg 950w, https:\/\/casariego-guerra.com\/wp-content\/uploads\/2011\/10\/04.Patio-2-acceso-escalera-San-Mart\u00edn-560x435.jpg 560w\" sizes=\"(max-width: 950px) 100vw, 950px\" \/><\/a><\/p>\n<p><span style=\"color: #808080;\">\u00a0[vista del patio acceso escaleras. Foto de J.Oller]<\/span><\/p>\n<p><a href=\"http:\/\/casariego-guerra.com\/?attachment_id=4124\" rel=\"attachment wp-att-4124\"><img loading=\"lazy\" class=\"alignleft size-full wp-image-4124\" title=\"05.Salas planta primera San Mart\u00edn\" src=\"http:\/\/casariego-guerra.com\/wp-content\/uploads\/2011\/10\/05.Salas-planta-primera-San-Mart\u00edn.jpg\" alt=\"\" width=\"950\" height=\"416\" srcset=\"https:\/\/casariego-guerra.com\/wp-content\/uploads\/2011\/10\/05.Salas-planta-primera-San-Mart\u00edn.jpg 950w, https:\/\/casariego-guerra.com\/wp-content\/uploads\/2011\/10\/05.Salas-planta-primera-San-Mart\u00edn-560x245.jpg 560w\" sizes=\"(max-width: 950px) 100vw, 950px\" \/><\/a><\/p>\n<p><span style=\"color: #808080;\">\u00a0[vista de salas planta primera. Foto de J.Oller]<\/span><\/p>\n<p><a href=\"http:\/\/casariego-guerra.com\/?attachment_id=4126\" rel=\"attachment wp-att-4126\"><img loading=\"lazy\" class=\"alignleft size-full wp-image-4126\" title=\"09.Cubierta Riscos San Mart\u00edn\" src=\"http:\/\/casariego-guerra.com\/wp-content\/uploads\/2011\/10\/09.Cubierta-Riscos-San-Mart\u00edn.jpg\" alt=\"\" width=\"950\" height=\"388\" srcset=\"https:\/\/casariego-guerra.com\/wp-content\/uploads\/2011\/10\/09.Cubierta-Riscos-San-Mart\u00edn.jpg 950w, https:\/\/casariego-guerra.com\/wp-content\/uploads\/2011\/10\/09.Cubierta-Riscos-San-Mart\u00edn-560x228.jpg 560w\" sizes=\"(max-width: 950px) 100vw, 950px\" \/><\/a><\/p>\n<p><span style=\"color: #808080;\">[vista de la cubierta, los Riscos. Foto de J.Oller]<\/span><\/p>\n<p>&nbsp;<\/p>\n<h6><span style=\"color: #000000;\">Equipo:CASARIEGO \/ GUERRA, arquitectos<\/span><\/h6>\n<h6><span style=\"color: #000000;\">Direcci\u00f3n: Joaqu\u00edn Casariego Ram\u00edrez, Arquitecto. Elsa Guerra Jim\u00e9nez, Arquitecta<\/span><\/h6>\n<h6><span style=\"color: #000000;\">Estructuras: REVERIEGO Y ASOCIADOS, Arquitectos.Juan Carlos Reveriego Fabrellas y Gazmira Galtier Barroso<\/span><\/h6>\n<h6><span style=\"color: #000000;\">Instalaciones: AGUIAR INGENIEROS. Jos\u00e9 Fernando Aguiar Perera, Emilio Pellejero Silva, Domingo Valido de la Nuez, Marco Antonio Quijada Caletr\u00edo y Jos\u00e9 Carlos D\u00edaz Medina.<\/span><\/h6>\n<h6><span style=\"color: #000000;\">Coordinaci\u00f3n: Rub\u00e9n P\u00e9rez Bautista y Noem\u00ed Tejera Mujica, arquitectos.<\/span><\/h6>\n<h6><span style=\"color: #000000;\">con: Marta Cuy\u00e1s Morales, Javier Hern\u00e1ndez S\u00e1nchez y Nuga Tornos Bola\u00f1os, y la colaboraci\u00f3n de: Alejandro Mor\u00e1n Hurtado, Silvia Guajardo de la Rosa, Laura M\u00aa Marrero Santana, Luis L\u00f3pez Su\u00e1rez, Jonay Casariego Fern\u00e1ndez y Sara Alem\u00e1n Millares.<\/span><\/h6>\n<h6><span style=\"color: #000000;\">Dibujo y Administraci\u00f3n: Carmelo Garc\u00eda Rodr\u00edguez, Juan Manuel Rivero Su\u00e1rez, y Den\u00e9bola Acosta Y\u00e1\u00f1ez.<\/span><\/h6>\n<h6><span style=\"color: #000000;\">Management: Alberto N\u00fa\u00f1ez Arias, Arquitecto.<\/span><\/h6>\n<h6><span style=\"color: #000000;\">Direcci\u00f3n de Ejecuci\u00f3n: TOMAS HERN\u00c1NDEZ SALAS, arquitecto t\u00e9cnico.<\/span><\/h6>\n<h6><span style=\"color: #000000;\">Restauraci\u00f3n de Vidrieras: GIRALDO ESTUDIO S.L. \/ Juan Antonio Giraldo.<\/span><\/h6>\n<h6><span style=\"color: #000000;\">Empresa constructora: U.T.E. Ferrovial-Agrom\u00e1n y VVO Construcciones.<\/span><\/h6>\n<h6><span style=\"color: #000000;\">Promotor: Consejer\u00eda de Cultura y Patrimonio Hist\u00f3rico y Cultural del Cabildo de Gran Canaria \/ CAAM (Centro Atl\u00e1ntico de Arte Moderno)<\/span><\/h6>\n<h6><span style=\"color: #000000;\">Con la colaboraci\u00f3n de la Direcci\u00f3n General de Bellas Artes y Bienes Culturales del Ministerio de Cultura \u2013 Gobierno de Espa\u00f1a.<\/span><\/h6>\n<h6><span style=\"color: #000000;\">Fotograf\u00edas: Jos\u00e9 Oller (oller.jose@gmail.com )<\/span><\/h6>\n<h6><span style=\"color: #000000;\">Superficie: 2.993,46 m2<\/span><\/h6>\n<p>&nbsp;<\/p>\n","protected":false},"excerpt":{"rendered":"<p>[perspectiva del acceso al Centro. Fotomontaje] [REHABILITACI\u00d3N DEL ANTIGUO HOSPITAL DE SAN MART\u00cdN COMO CENTRO CULTURAL]\u00a0 [2008] Proyecto: 2.008 \u2013 2.009 Obra: 2.009 \u2013 2.011 Situaci\u00f3n: C\/ Ram\u00f3n y Cajal, 1. Vegueta . Las Palmas de Gran Canaria http:\/\/www.plataformaarquitectura.cl\/2012\/02\/07\/centro-de-cultura-contemporanea-san-martin-casariego-guerra-arquitectos\/ [an\u00e1lisis del lugar. contexto] El antiguo Hospital de San Mart\u00edn es un inmueble relevante de la [&hellip;]<\/p>\n","protected":false},"author":2,"featured_media":0,"parent":5,"menu_order":0,"comment_status":"closed","ping_status":"closed","template":"","meta":[],"_links":{"self":[{"href":"https:\/\/casariego-guerra.com\/index.php?rest_route=\/wp\/v2\/pages\/802"}],"collection":[{"href":"https:\/\/casariego-guerra.com\/index.php?rest_route=\/wp\/v2\/pages"}],"about":[{"href":"https:\/\/casariego-guerra.com\/index.php?rest_route=\/wp\/v2\/types\/page"}],"author":[{"embeddable":true,"href":"https:\/\/casariego-guerra.com\/index.php?rest_route=\/wp\/v2\/users\/2"}],"replies":[{"embeddable":true,"href":"https:\/\/casariego-guerra.com\/index.php?rest_route=%2Fwp%2Fv2%2Fcomments&post=802"}],"version-history":[{"count":67,"href":"https:\/\/casariego-guerra.com\/index.php?rest_route=\/wp\/v2\/pages\/802\/revisions"}],"predecessor-version":[{"id":1080,"href":"https:\/\/casariego-guerra.com\/index.php?rest_route=\/wp\/v2\/pages\/802\/revisions\/1080"}],"up":[{"embeddable":true,"href":"https:\/\/casariego-guerra.com\/index.php?rest_route=\/wp\/v2\/pages\/5"}],"wp:attachment":[{"href":"https:\/\/casariego-guerra.com\/index.php?rest_route=%2Fwp%2Fv2%2Fmedia&parent=802"}],"curies":[{"name":"wp","href":"https:\/\/api.w.org\/{rel}","templated":true}]}}